{"id":561,"date":"2016-04-26T12:24:13","date_gmt":"2016-04-26T10:24:13","guid":{"rendered":"http:\/\/jsuisvert.com\/wordpress\/?page_id=561"},"modified":"2022-04-22T09:56:00","modified_gmt":"2022-04-22T07:56:00","slug":"jsuisvert-3","status":"publish","type":"page","link":"https:\/\/jsuisvert.com\/?page_id=561","title":{"rendered":"J&rsquo;suis vert #4 (2017)"},"content":{"rendered":"<p><a href=\"http:\/\/jsuisvert.com\/wp-content\/uploads\/2016\/04\/jsuisvert_logo2.jpg\"><img loading=\"lazy\" decoding=\"async\" class=\"size-full wp-image-700 aligncenter\" src=\"http:\/\/jsuisvert.com\/wp-content\/uploads\/2016\/04\/jsuisvert_logo2.jpg\" alt=\"\" width=\"787\" height=\"537\" srcset=\"https:\/\/jsuisvert.com\/wp-content\/uploads\/2016\/04\/jsuisvert_logo2.jpg 787w, https:\/\/jsuisvert.com\/wp-content\/uploads\/2016\/04\/jsuisvert_logo2-300x205.jpg 300w, https:\/\/jsuisvert.com\/wp-content\/uploads\/2016\/04\/jsuisvert_logo2-768x524.jpg 768w\" sizes=\"auto, (max-width: 787px) 100vw, 787px\" \/><\/a>J&rsquo;suis vert, c&rsquo;est le festival electro-rock avec des <span style=\"color: #808000;\">b<\/span><span style=\"color: #00ff00;\">ull<\/span><span style=\"color: #339966;\">e<\/span><span style=\"color: #99cc00;\">s<\/span> v<span style=\"color: #99cc00;\">e<\/span><span style=\"color: #339966;\">rt<\/span><span style=\"color: #99cc00;\">e<\/span><span style=\"color: #339966;\">s<\/span> dans le dedans&#8230;<\/p>\n<p>&nbsp;<\/p>\n<h1>Rendez-vous le 19 Mai 2017 !<\/h1>\n<p>La 4\u00e8me \u00e9dition du festival \u00ab j\u2019suis vert ! \u00bb se d\u00e9roulera le Vendredi 19 Mai 2017 \u00e0 partir de 18h30 \u00e0 l&rsquo;UBU de Rennes, 1 rue Saint H\u00e9lier.<\/p>\n<p>Au programme pour ce \u00ab j\u2019suis vert ! #4 \u00bb, ap\u00e9ro-dinatoire et bonne musique avec plusieurs artistes de la sc\u00e8ne de l\u2019Ouest dans un registre \u00e9clectique m\u00ealant electro, rock et chanson, jusqu\u2019\u00e0 tard dans la nuit :<\/p>\n<p>&nbsp;<\/p>\n<h1><strong>LA NUIT en DJ Set (d\u00e8s 18h30, et apr\u00e8s les concerts jusqu\u2019\u00e0 3h00 du mat)<\/strong><\/h1>\n<p><a href=\"http:\/\/jsuisvert.com\/wp-content\/uploads\/2016\/04\/DJ_La_Nuit_Coatelan-31.png\"><img loading=\"lazy\" decoding=\"async\" class=\" wp-image-683 alignleft\" src=\"http:\/\/jsuisvert.com\/wp-content\/uploads\/2016\/04\/DJ_La_Nuit_Coatelan-31-300x199.png\" alt=\"\" width=\"390\" height=\"259\" srcset=\"https:\/\/jsuisvert.com\/wp-content\/uploads\/2016\/04\/DJ_La_Nuit_Coatelan-31-300x199.png 300w, https:\/\/jsuisvert.com\/wp-content\/uploads\/2016\/04\/DJ_La_Nuit_Coatelan-31-768x510.png 768w, https:\/\/jsuisvert.com\/wp-content\/uploads\/2016\/04\/DJ_La_Nuit_Coatelan-31-1024x680.png 1024w\" sizes=\"auto, (max-width: 390px) 100vw, 390px\" \/><\/a>La Nuit est un collectif de DJ Deep \/ Techno bas\u00e9 dans le 29 (prononcez \u00ab&nbsp;vaind\u2019neuvf&nbsp;\u00bb), autant dire que c\u2019est un gage de qualit\u00e9. Leur son oscille entre Deep House lancinante et techno plus p\u00eachue. A d\u00e9couvrir avant tout le monde\u2026<\/p>\n<p>&nbsp;<\/p>\n<p>&nbsp;<\/p>\n<p>Plus de son :<\/p>\n<p>&#8211;&nbsp;&nbsp;&nbsp;&nbsp;&nbsp;&nbsp;&nbsp;&nbsp;&nbsp; <a href=\"https:\/\/soundcloud.com\/goldorganisation\/tracks\" data-saferedirecturl=\"https:\/\/www.google.com\/url?hl=en&amp;q=https:\/\/soundcloud.com\/goldorganisation\/tracks&amp;source=gmail&amp;ust=1492177140620000&amp;usg=AFQjCNFV0I_8oXW7OwXgSKmaEFCMh0bm9A\">https:\/\/soundcloud.com\/goldorganisation\/tracks<\/a><\/p>\n<p>&nbsp;<\/p>\n<h1><strong>We are Crook (20h00)<\/strong><\/h1>\n<p><a href=\"http:\/\/jsuisvert.com\/wp-content\/uploads\/2016\/04\/PHOTO-WAC-12A4.jpg\" target=\"_blank\" rel=\"noopener noreferrer\"><img loading=\"lazy\" decoding=\"async\" class=\"alignleft wp-image-663 \" src=\"http:\/\/jsuisvert.com\/wp-content\/uploads\/2016\/04\/PHOTO-WAC-12A4-300x228.jpg\" alt=\"We Are Crook\" width=\"375\" height=\"285\" srcset=\"https:\/\/jsuisvert.com\/wp-content\/uploads\/2016\/04\/PHOTO-WAC-12A4-300x228.jpg 300w, https:\/\/jsuisvert.com\/wp-content\/uploads\/2016\/04\/PHOTO-WAC-12A4-768x583.jpg 768w, https:\/\/jsuisvert.com\/wp-content\/uploads\/2016\/04\/PHOTO-WAC-12A4-1024x777.jpg 1024w\" sizes=\"auto, (max-width: 375px) 100vw, 375px\" \/><\/a>\u00ab&nbsp;We are crook est n\u00e9 \u00e0 l\u2019automne 2014 de la rencontre de Davy Mougin, barbu hirsute venu de l\u2019Est (de la France), membre du groupe Antisudoral, bidouilleur de sons en tous genres et amateur de cr\u00e9atures bizarres et subaquatiques et de St\u00e9phane Larronde-Larretche, guitariste autodidacte de la banlieue rennaise, afficionado de la mondialement c\u00e9l\u00e8bre marque de pelles californiennes et barbu \u00e9galement, officiant \u00e9galement au sein du groupe Folk-Rock-ind\u00e9 No More Tools. Fraichement revenu sur Rennes, Lo\u00efc Maillard, l\u2019ex batteur m\u00e9tronomique de Late Again rejoint le duo d\u00e9but 2015. Manu Kerdod\u00e9, ex bassiste du groupe de folk fran\u00e7ais Lebowski viendra compl\u00e9ter la formation. We are Crook propose un \u00e9ventail de morceaux dont certains n\u2019auraient pas d\u00e9pareill\u00e9 sur la bande son du film \u00ab Drive \u00bb (Seam, Heavy rain) tandis que d\u2019autres puisent plut\u00f4t leurs origines du c\u00f4t\u00e9 du rock belge (Ghinzu, Sharko).&nbsp;\u00bb<\/p>\n<p>Source&nbsp;: Ouest-France<\/p>\n<p>&nbsp;<\/p>\n<p>Plus de son :<\/p>\n<p>&#8211; <a href=\"https:\/\/vimeo.com\/169077027\" data-saferedirecturl=\"https:\/\/www.google.com\/url?hl=en&amp;q=https:\/\/vimeo.com\/169077027&amp;source=gmail&amp;ust=1492177140620000&amp;usg=AFQjCNGAfN55DTHFMPfsNT_nZB8O_IAmGA\">https:\/\/vimeo.com\/169077027<\/a><\/p>\n<p>&#8211; <a href=\"https:\/\/fr-fr.facebook.com\/wearecrookband\/\" data-saferedirecturl=\"https:\/\/www.google.com\/url?hl=en&amp;q=https:\/\/fr-fr.facebook.com\/wearecrookband\/&amp;source=gmail&amp;ust=1492177140620000&amp;usg=AFQjCNFcvvoBKyn7crnqNE5D_BVfuemunA\">https:\/\/fr-fr.facebook.com\/wearecrookband\/<\/a><\/p>\n<p>&nbsp;<\/p>\n<p>&nbsp;<\/p>\n<h1><strong>Empereur Renard<\/strong><\/h1>\n<p><a href=\"http:\/\/jsuisvert.com\/wp-content\/uploads\/2016\/04\/Empereur-Renard4_resize.jpg\" target=\"_blank\" rel=\"noopener noreferrer\"><img loading=\"lazy\" decoding=\"async\" class=\"alignleft wp-image-668\" src=\"http:\/\/jsuisvert.com\/wp-content\/uploads\/2016\/04\/Empereur-Renard4_resize-300x195.jpg\" alt=\"\" width=\"437\" height=\"284\" srcset=\"https:\/\/jsuisvert.com\/wp-content\/uploads\/2016\/04\/Empereur-Renard4_resize-300x195.jpg 300w, https:\/\/jsuisvert.com\/wp-content\/uploads\/2016\/04\/Empereur-Renard4_resize-768x499.jpg 768w, https:\/\/jsuisvert.com\/wp-content\/uploads\/2016\/04\/Empereur-Renard4_resize-1024x665.jpg 1024w\" sizes=\"auto, (max-width: 437px) 100vw, 437px\" \/><\/a>Empereur Renard, c\u2019est de l\u2019\u00e9lectro rock, qui ne rentre pas dans une case. \u00ab On ne cherche pas \u00e0 ce que les chansons se ressemblent. Elles ont des \u00e9nergies diff\u00e9rentes \u00bb, d\u00e9taillent les 2 fr\u00e8res qui forment le groupe.<\/p>\n<p>M\u00eame chose pour leurs clips. L\u2019un est tourn\u00e9 dans la sculpture pneumatique Katena, qui \u00e9tait visible en mai 2016 \u00e0 Rennes. L\u2019autre est film\u00e9 dans la nature. \u00ab Nous faisons partie d&rsquo;une nouvelle g\u00e9n\u00e9ration de producteurs. Nous brassons toutes nos influences trouv\u00e9es sur Internet. \u00bb.<\/p>\n<p><em>Source&nbsp;: Ouest-France<\/em><\/p>\n<p>&nbsp;<\/p>\n<p>Si vous les avez rat\u00e9 \u00e0 la Green Room aux Transmusicales 2016, vous pourrez les d\u00e9couvrir \u00e0 j\u2019suis vert #4\u2026 Autant dire que tous les indicateurs sont au vert pour ce jeune groupe&nbsp;(hahaha quel bon mot, qu\u2019est-ce qu\u2019on se marre quand m\u00eame).<\/p>\n<p>&nbsp;<\/p>\n<p>Plus de son :<\/p>\n<p>&#8211;&nbsp;&nbsp;&nbsp;&nbsp;&nbsp;&nbsp;&nbsp;&nbsp;&nbsp; <a href=\"https:\/\/youtu.be\/KGFGK-Lo9zc\" data-saferedirecturl=\"https:\/\/www.google.com\/url?hl=en&amp;q=https:\/\/youtu.be\/KGFGK-Lo9zc&amp;source=gmail&amp;ust=1492177140620000&amp;usg=AFQjCNEm35XiskBLrL_inBG-FNM7LZFAlg\">https:\/\/youtu.be\/KGFGK-Lo9zc<\/a><\/p>\n<p>&nbsp;<\/p>\n<h1><strong>Christophe MIOSSEC<\/strong><\/h1>\n<p><a href=\"http:\/\/jsuisvert.com\/wp-content\/uploads\/2016\/04\/Miossec3.jpg\"><img loading=\"lazy\" decoding=\"async\" class=\" wp-image-703 alignleft\" src=\"http:\/\/jsuisvert.com\/wp-content\/uploads\/2016\/04\/Miossec3.jpg\" alt=\"\" width=\"435\" height=\"303\" srcset=\"https:\/\/jsuisvert.com\/wp-content\/uploads\/2016\/04\/Miossec3.jpg 1600w, https:\/\/jsuisvert.com\/wp-content\/uploads\/2016\/04\/Miossec3-300x209.jpg 300w, https:\/\/jsuisvert.com\/wp-content\/uploads\/2016\/04\/Miossec3-768x535.jpg 768w, https:\/\/jsuisvert.com\/wp-content\/uploads\/2016\/04\/Miossec3-1024x713.jpg 1024w\" sizes=\"auto, (max-width: 435px) 100vw, 435px\" \/><\/a>Non non non non, nous ne pr\u00e9senterons pas notre illustre invit\u00e9 du 29 (prononcez toujours \u00ab&nbsp;vaind\u2019neuvf&nbsp;\u00bb, comme pour les DJ La Nuit)&nbsp;!<\/p>\n<p>Quel plaisir et quel honneur de le voir assurer la t\u00eate d&rsquo;affiche de la 4\u00e8me \u00e9dition de J&rsquo;Suis Vert !<\/p>\n<p>Plus de son : <a href=\"http:\/\/www.christophemiossec.com\/#videos\" target=\"_blank\" rel=\"noopener noreferrer\">http:\/\/www.christophemiossec.com\/#videos<\/a><\/p>\n<p>&nbsp;<\/p>\n<p>&nbsp;<\/p>\n<p>&nbsp;<\/p>\n<p>&nbsp;<\/p>\n<p>&nbsp;<\/p>\n<p>&nbsp;<\/p>\n<p>&nbsp;<\/p>\n<p>Et Dominic SONIC dans tout \u00e7a ? Et bien malheureusement Dominic a \u00e9t\u00e9 contraint d&rsquo;annuler sa participation. Nous esp\u00e9rons avoir le plaisir de l&rsquo;accueillir pour une prochaine \u00e9dition.<\/p>\n","protected":false},"excerpt":{"rendered":"<p>J&rsquo;suis vert, c&rsquo;est le festival electro-rock avec des bulles vertes dans le dedans&#8230; &nbsp; Rendez-vous le 19 Mai 2017 ! &hellip; <a href=\"https:\/\/jsuisvert.com\/?page_id=561\" class=\"more-link\">Continue reading <span class=\"screen-reader-text\">J&rsquo;suis vert #4 (2017)<\/span><\/a><\/p>\n","protected":false},"author":1,"featured_media":0,"parent":0,"menu_order":0,"comment_status":"closed","ping_status":"closed","template":"","meta":{"footnotes":""},"class_list":["post-561","page","type-page","status-publish","hentry"],"_links":{"self":[{"href":"https:\/\/jsuisvert.com\/index.php?rest_route=\/wp\/v2\/pages\/561","targetHints":{"allow":["GET"]}}],"collection":[{"href":"https:\/\/jsuisvert.com\/index.php?rest_route=\/wp\/v2\/pages"}],"about":[{"href":"https:\/\/jsuisvert.com\/index.php?rest_route=\/wp\/v2\/types\/page"}],"author":[{"embeddable":true,"href":"https:\/\/jsuisvert.com\/index.php?rest_route=\/wp\/v2\/users\/1"}],"replies":[{"embeddable":true,"href":"https:\/\/jsuisvert.com\/index.php?rest_route=%2Fwp%2Fv2%2Fcomments&post=561"}],"version-history":[{"count":75,"href":"https:\/\/jsuisvert.com\/index.php?rest_route=\/wp\/v2\/pages\/561\/revisions"}],"predecessor-version":[{"id":1749,"href":"https:\/\/jsuisvert.com\/index.php?rest_route=\/wp\/v2\/pages\/561\/revisions\/1749"}],"wp:attachment":[{"href":"https:\/\/jsuisvert.com\/index.php?rest_route=%2Fwp%2Fv2%2Fmedia&parent=561"}],"curies":[{"name":"wp","href":"https:\/\/api.w.org\/{rel}","templated":true}]}}