{"id":1480,"date":"2019-05-04T20:57:43","date_gmt":"2019-05-04T18:57:43","guid":{"rendered":"http:\/\/jsuisvert.com\/?page_id=1480"},"modified":"2024-04-22T14:46:56","modified_gmt":"2024-04-22T12:46:56","slug":"a-propos-de-jsuis-vert","status":"publish","type":"page","link":"https:\/\/jsuisvert.com\/?page_id=1480","title":{"rendered":"A PROPOS DE J&rsquo;SUIS VERT"},"content":{"rendered":"\n<hr class=\"wp-block-separator has-text-color has-black-color has-alpha-channel-opacity has-black-background-color has-background\"\/>\n\n\n\n<div class=\"wp-block-cover alignfull has-custom-content-position is-position-top-center\" style=\"margin-top:0;padding-top:5vw;padding-right:5vw;padding-bottom:5vw;padding-left:5vw\"><span aria-hidden=\"true\" class=\"wp-block-cover__background has-background-dim\" style=\"background-color:#36220c\"><\/span><img loading=\"lazy\" decoding=\"async\" width=\"2000\" height=\"1335\" class=\"wp-block-cover__image-background wp-image-2103\" alt=\"\" src=\"http:\/\/jsuisvert.com\/wp-content\/uploads\/2024\/03\/Jsuis-Vert-n\u00b07-Enensys-x-Im-From-Rennes-cJean-Adrien-Morandeau-18.jpg\" data-object-fit=\"cover\" srcset=\"https:\/\/jsuisvert.com\/wp-content\/uploads\/2024\/03\/Jsuis-Vert-n\u00b07-Enensys-x-Im-From-Rennes-cJean-Adrien-Morandeau-18.jpg 2000w, https:\/\/jsuisvert.com\/wp-content\/uploads\/2024\/03\/Jsuis-Vert-n\u00b07-Enensys-x-Im-From-Rennes-cJean-Adrien-Morandeau-18-300x200.jpg 300w, https:\/\/jsuisvert.com\/wp-content\/uploads\/2024\/03\/Jsuis-Vert-n\u00b07-Enensys-x-Im-From-Rennes-cJean-Adrien-Morandeau-18-1024x684.jpg 1024w, https:\/\/jsuisvert.com\/wp-content\/uploads\/2024\/03\/Jsuis-Vert-n\u00b07-Enensys-x-Im-From-Rennes-cJean-Adrien-Morandeau-18-768x513.jpg 768w, https:\/\/jsuisvert.com\/wp-content\/uploads\/2024\/03\/Jsuis-Vert-n\u00b07-Enensys-x-Im-From-Rennes-cJean-Adrien-Morandeau-18-1536x1025.jpg 1536w, https:\/\/jsuisvert.com\/wp-content\/uploads\/2024\/03\/Jsuis-Vert-n\u00b07-Enensys-x-Im-From-Rennes-cJean-Adrien-Morandeau-18-174x116.jpg 174w\" sizes=\"auto, (max-width: 2000px) 100vw, 2000px\" \/><div class=\"wp-block-cover__inner-container is-layout-flow wp-block-cover-is-layout-flow\">\n<div class=\"wp-block-group is-content-justification-space-between is-layout-flex wp-container-core-group-is-layout-3 wp-block-group-is-layout-flex\">\n<div class=\"wp-block-cover has-custom-content-position is-position-top-right wp-container-content-1 wp-duotone-538a005c-rgb210210210-1\" style=\"padding-top:4vw;padding-right:4vw;padding-bottom:4vw;padding-left:4vw;min-height:531px;aspect-ratio:unset;\"><span aria-hidden=\"true\" class=\"wp-block-cover__background has-background-dim\"><\/span><img loading=\"lazy\" decoding=\"async\" width=\"512\" height=\"512\" class=\"wp-block-cover__image-background wp-image-1964\" alt=\"\" src=\"http:\/\/jsuisvert.com\/wp-content\/uploads\/2022\/03\/cropped-JSUIS-VERT.png\" data-object-fit=\"cover\" srcset=\"https:\/\/jsuisvert.com\/wp-content\/uploads\/2022\/03\/cropped-JSUIS-VERT.png 512w, https:\/\/jsuisvert.com\/wp-content\/uploads\/2022\/03\/cropped-JSUIS-VERT-300x300.png 300w, https:\/\/jsuisvert.com\/wp-content\/uploads\/2022\/03\/cropped-JSUIS-VERT-150x150.png 150w, https:\/\/jsuisvert.com\/wp-content\/uploads\/2022\/03\/cropped-JSUIS-VERT-116x116.png 116w, https:\/\/jsuisvert.com\/wp-content\/uploads\/2022\/03\/cropped-JSUIS-VERT-270x270.png 270w, https:\/\/jsuisvert.com\/wp-content\/uploads\/2022\/03\/cropped-JSUIS-VERT-192x192.png 192w, https:\/\/jsuisvert.com\/wp-content\/uploads\/2022\/03\/cropped-JSUIS-VERT-180x180.png 180w, https:\/\/jsuisvert.com\/wp-content\/uploads\/2022\/03\/cropped-JSUIS-VERT-32x32.png 32w\" sizes=\"auto, (max-width: 512px) 100vw, 512px\" \/><div class=\"wp-block-cover__inner-container is-layout-flow wp-block-cover-is-layout-flow\">\n<div class=\"wp-block-group is-vertical is-content-justification-right is-nowrap is-layout-flex wp-container-core-group-is-layout-1 wp-block-group-is-layout-flex\">\n<p class=\"has-text-color\" style=\"color:#99cc33;font-size:50px;font-style:normal;font-weight:700;letter-spacing:-6px;line-height:0.8;text-transform:uppercase\">Un mot de celui qui fait la prog<\/p>\n<\/div>\n<\/div><\/div>\n\n\n\n<div class=\"wp-block-group wp-container-content-3 is-vertical is-nowrap is-layout-flex wp-container-core-group-is-layout-2 wp-block-group-is-layout-flex\">\n<p class=\"has-white-color has-text-color\" style=\"font-size:19px;font-style:normal;font-weight:400;letter-spacing:0px;line-height:1.7\">Ah OK. Oui mais bon je reconnais, c&rsquo;est un peu l\u00e9ger comme info\u2026<\/p>\n\n\n\n<p class=\"has-white-color has-text-color\" style=\"font-size:19px;font-style:normal;font-weight:400;letter-spacing:0px;line-height:1.7\">Les bulles vertes, c&rsquo;est en rapport avec le logo de ENENSYS Technologies, le sponsor du Festival.<\/p>\n\n\n\n<p style=\"font-size:19px;font-style:normal;font-weight:400;letter-spacing:0px;line-height:1.7\">A l&rsquo;origine c&rsquo;etait une date unique, en 2014, pour marquer les 10 ans de ENENSYS et la mise en place du m\u00e9c\u00e9nat avec les Trans. Et puis c&rsquo;\u00e9tait tellement bien qu&rsquo;on a dit qu&rsquo;on ne pouvait pas attendre 10 pour refaire une soir\u00e9e comme celle l\u00e0. On a recommenc\u00e9 l&rsquo;ann\u00e9e suivante&#8230;<\/p>\n\n\n\n<div class=\"wp-block-buttons is-content-justification-left is-nowrap is-layout-flex wp-container-core-buttons-is-layout-1 wp-block-buttons-is-layout-flex\"><\/div>\n\n\n\n<div style=\"height:0px\" aria-hidden=\"true\" class=\"wp-block-spacer wp-container-content-2\"><\/div>\n<\/div>\n<\/div>\n<\/div><\/div>\n\n\n\n<hr class=\"wp-block-separator has-text-color has-black-color has-alpha-channel-opacity has-black-background-color has-background\"\/>\n\n\n\n<div class=\"wp-block-media-text alignfull has-media-on-the-right is-stacked-on-mobile is-vertically-aligned-center is-style-default\" style=\"grid-template-columns:auto 56%\"><div class=\"wp-block-media-text__content\">\n<h2 class=\"wp-block-heading has-white-color has-black-background-color has-text-color has-background\" style=\"font-size:20px\">Et c&rsquo;est quoi la ligne musicale ?<\/h2>\n\n\n\n<p class=\"has-text-color\" style=\"color:#636363;font-size:17px;line-height:1.1\"><\/p>\n<\/div><figure class=\"wp-block-media-text__media\"><img loading=\"lazy\" decoding=\"async\" width=\"684\" height=\"1024\" src=\"http:\/\/jsuisvert.com\/wp-content\/uploads\/2024\/03\/Jsuisvert6_JMeyer_DSC_0316-684x1024.jpg\" alt=\"\" class=\"wp-image-2147 size-full\" srcset=\"https:\/\/jsuisvert.com\/wp-content\/uploads\/2024\/03\/Jsuisvert6_JMeyer_DSC_0316-684x1024.jpg 684w, https:\/\/jsuisvert.com\/wp-content\/uploads\/2024\/03\/Jsuisvert6_JMeyer_DSC_0316-200x300.jpg 200w, https:\/\/jsuisvert.com\/wp-content\/uploads\/2024\/03\/Jsuisvert6_JMeyer_DSC_0316-768x1150.jpg 768w, https:\/\/jsuisvert.com\/wp-content\/uploads\/2024\/03\/Jsuisvert6_JMeyer_DSC_0316-1025x1536.jpg 1025w, https:\/\/jsuisvert.com\/wp-content\/uploads\/2024\/03\/Jsuisvert6_JMeyer_DSC_0316-1367x2048.jpg 1367w, https:\/\/jsuisvert.com\/wp-content\/uploads\/2024\/03\/Jsuisvert6_JMeyer_DSC_0316-77x116.jpg 77w, https:\/\/jsuisvert.com\/wp-content\/uploads\/2024\/03\/Jsuisvert6_JMeyer_DSC_0316-scaled.jpg 1709w\" sizes=\"auto, (max-width: 684px) 100vw, 684px\" \/><\/figure><\/div>\n\n\n\n<hr class=\"wp-block-separator has-text-color has-black-color has-alpha-channel-opacity has-black-background-color has-background\"\/>\n\n\n\n<div class=\"wp-block-media-text is-stacked-on-mobile is-vertically-aligned-center\" style=\"grid-template-columns:61% auto\"><figure class=\"wp-block-media-text__media\"><img loading=\"lazy\" decoding=\"async\" width=\"1024\" height=\"684\" src=\"http:\/\/jsuisvert.com\/wp-content\/uploads\/2022\/06\/Jsuis-Vert-n\u00b07-Enensys-x-Im-From-Rennes-cJean-Adrien-Morandeau-148-1-1024x684.jpg\" alt=\"\" class=\"wp-image-1818 size-full\" srcset=\"https:\/\/jsuisvert.com\/wp-content\/uploads\/2022\/06\/Jsuis-Vert-n\u00b07-Enensys-x-Im-From-Rennes-cJean-Adrien-Morandeau-148-1-1024x684.jpg 1024w, https:\/\/jsuisvert.com\/wp-content\/uploads\/2022\/06\/Jsuis-Vert-n\u00b07-Enensys-x-Im-From-Rennes-cJean-Adrien-Morandeau-148-1-300x200.jpg 300w, https:\/\/jsuisvert.com\/wp-content\/uploads\/2022\/06\/Jsuis-Vert-n\u00b07-Enensys-x-Im-From-Rennes-cJean-Adrien-Morandeau-148-1-768x513.jpg 768w, https:\/\/jsuisvert.com\/wp-content\/uploads\/2022\/06\/Jsuis-Vert-n\u00b07-Enensys-x-Im-From-Rennes-cJean-Adrien-Morandeau-148-1.jpg 2000w\" sizes=\"auto, (max-width: 1024px) 100vw, 1024px\" \/><\/figure><div class=\"wp-block-media-text__content\">\n<p class=\"has-white-color has-black-background-color has-text-color has-background has-link-color wp-elements-1289c96bf111f4ca57f3aa044cac842a\" style=\"font-size:20px\"><strong>C&rsquo;est un m\u00e9lange de d\u00e9couvertes (Corine, Adam NAAS, Praa, Superets) et de groupes qui d\u00e9chirent sur sc\u00e8ne et qu&rsquo;on revoit en \u00e9tant certain de passer une super soir\u00e9e (Bikini Machine, Craftmen Club, Miossec&#8230;)<\/strong><\/p>\n<\/div><\/div>\n\n\n\n<hr class=\"wp-block-separator has-text-color has-black-color has-alpha-channel-opacity has-black-background-color has-background\"\/>\n\n\n\n<div class=\"wp-block-media-text has-media-on-the-right is-stacked-on-mobile\" style=\"grid-template-columns:auto 60%\"><div class=\"wp-block-media-text__content\">\n<p class=\"has-white-color has-black-background-color has-text-color has-background has-link-color wp-elements-dbddd5e9be9a8e8aab037667eea16d97\" style=\"font-size:20px\"><strong>C&rsquo;est aussi l&rsquo;occasion de faire jouer des groupes que j&rsquo;ai dans le c\u0153ur (Late Again, Moongazer, We are Crook&#8230;)<\/strong><\/p>\n<\/div><figure class=\"wp-block-media-text__media\"><img loading=\"lazy\" decoding=\"async\" width=\"1024\" height=\"684\" src=\"http:\/\/jsuisvert.com\/wp-content\/uploads\/2022\/06\/Jsuis-Vert-n\u00b07-Enensys-x-Im-From-Rennes-cJean-Adrien-Morandeau-132-1-1024x684.jpg\" alt=\"\" class=\"wp-image-1816 size-full\" srcset=\"https:\/\/jsuisvert.com\/wp-content\/uploads\/2022\/06\/Jsuis-Vert-n\u00b07-Enensys-x-Im-From-Rennes-cJean-Adrien-Morandeau-132-1-1024x684.jpg 1024w, https:\/\/jsuisvert.com\/wp-content\/uploads\/2022\/06\/Jsuis-Vert-n\u00b07-Enensys-x-Im-From-Rennes-cJean-Adrien-Morandeau-132-1-300x200.jpg 300w, https:\/\/jsuisvert.com\/wp-content\/uploads\/2022\/06\/Jsuis-Vert-n\u00b07-Enensys-x-Im-From-Rennes-cJean-Adrien-Morandeau-132-1-768x513.jpg 768w, https:\/\/jsuisvert.com\/wp-content\/uploads\/2022\/06\/Jsuis-Vert-n\u00b07-Enensys-x-Im-From-Rennes-cJean-Adrien-Morandeau-132-1.jpg 2000w\" sizes=\"auto, (max-width: 1024px) 100vw, 1024px\" \/><\/figure><\/div>\n\n\n\n<hr class=\"wp-block-separator has-text-color has-black-color has-alpha-channel-opacity has-black-background-color has-background\"\/>\n\n\n\n<div class=\"wp-block-columns is-layout-flex wp-container-core-columns-is-layout-1 wp-block-columns-is-layout-flex\">\n<div class=\"wp-block-column is-layout-flow wp-block-column-is-layout-flow\" style=\"flex-basis:100%\">\n<p class=\"has-white-color has-black-background-color has-text-color has-background has-link-color wp-elements-c53849ae1fe82f8160c0c8da23e0d95d\" style=\"font-size:20px\"><strong>L&rsquo;ambiance est toujours joyeuse. On y trouve toutes sortes de personnes, et finalement se rendent compte qu&rsquo;elles ne sont pas si diff\u00e9rentes les unes des autres. Ou du moins qu&rsquo;il y a plus de choses qui les rassemblent plut\u00f4t qui ne les divisent&#8230;<\/strong><\/p>\n<\/div>\n<\/div>\n\n\n\n<div class=\"wp-block-columns is-layout-flex wp-container-core-columns-is-layout-2 wp-block-columns-is-layout-flex\">\n<div class=\"wp-block-column is-layout-flow wp-block-column-is-layout-flow\" style=\"flex-basis:100%\">\n<p class=\"has-white-color has-black-background-color has-text-color has-background has-link-color wp-elements-0b6c513c6e01f8737b4a0310d33a34e0\" style=\"font-size:20px\"><strong>Et les groupes passent un bon moment. Jean-Louis BROSSARD dira m\u00eame que c&rsquo;est le meilleur concert des Bikini Machine qu&rsquo;il ait vu&#8230; On se rappelle encore de Steve des Craftmen Club allong\u00e9 sur le bar pendant son set, ou les Empereurs Renard qui cherchent leurs muffins, le chanteur de We are crook qui dig\u00e8re mal les muffins, ou les Superets qui refont leur set \u00e0 1h du matin mais apr\u00e8s avoir aval\u00e9 les bonbonnes d&rsquo;h\u00e9lium&#8230;<\/strong><\/p>\n<\/div>\n<\/div>\n\n\n\n<hr class=\"wp-block-separator has-text-color has-black-color has-alpha-channel-opacity has-black-background-color has-background\"\/>\n\n\n\n<div class=\"wp-block-cover\"><span aria-hidden=\"true\" class=\"wp-block-cover__background has-background-dim\"><\/span><img loading=\"lazy\" decoding=\"async\" width=\"1024\" height=\"681\" class=\"wp-block-cover__image-background wp-image-505\" alt=\"\" src=\"http:\/\/jsuisvert.com\/wp-content\/uploads\/2015\/08\/Craftmen_Club_je-suis-vert-2-45-10-1024x681.jpg\" data-object-fit=\"cover\" srcset=\"https:\/\/jsuisvert.com\/wp-content\/uploads\/2015\/08\/Craftmen_Club_je-suis-vert-2-45-10-1024x681.jpg 1024w, https:\/\/jsuisvert.com\/wp-content\/uploads\/2015\/08\/Craftmen_Club_je-suis-vert-2-45-10-300x200.jpg 300w\" sizes=\"auto, (max-width: 1024px) 100vw, 1024px\" \/><div class=\"wp-block-cover__inner-container is-layout-flow wp-block-cover-is-layout-flow\">\n<p class=\"has-text-align-center has-large-font-size\">Steve des Craftmen Club<\/p>\n<\/div><\/div>\n\n\n\n<hr class=\"wp-block-separator has-text-color has-black-color has-alpha-channel-opacity has-black-background-color has-background\"\/>\n\n\n\n<div class=\"wp-block-columns is-layout-flex wp-container-core-columns-is-layout-3 wp-block-columns-is-layout-flex\">\n<div class=\"wp-block-column is-layout-flow wp-block-column-is-layout-flow\" style=\"flex-basis:100%\">\n<p class=\"has-white-color has-black-background-color has-text-color has-background has-link-color wp-elements-10abbdb45886c3f5a103b47a1914dd16\" style=\"font-size:20px\"><strong>On y croise des gens formidables: des coll\u00e8gues sympas avec leurs proches, des amis de 30 ans, l&rsquo;\u00e9quipe technique de l&rsquo;UBU qui est toujours top, Bruno du Sablier qui d\u00e9file en robe Falbala ou le g\u00e9nialissime Gilles Gonon et son Gueulomaton, &#8230;<\/strong><\/p>\n<\/div>\n<\/div>\n\n\n\n<div class=\"wp-block-columns is-layout-flex wp-container-core-columns-is-layout-4 wp-block-columns-is-layout-flex\">\n<div class=\"wp-block-column is-layout-flow wp-block-column-is-layout-flow\" style=\"flex-basis:100%\">\n<p class=\"has-white-color has-black-background-color has-text-color has-background has-link-color wp-elements-bf874318c20fbf5fdd89e2896cfefb6f\" style=\"font-size:20px\"><strong>Parce que l&rsquo;ambition de J&rsquo;suis Vert, c&rsquo;est simplement de passer une super soir\u00e9e. Voire m\u00eame une soir\u00e9e m\u00e9morable, c&rsquo;est \u00e0 dire une soir\u00e9e dont on ne se rappelle de rien (comme dirait DJ Fabilou)<\/strong><\/p>\n<\/div>\n<\/div>\n\n\n\n<hr class=\"wp-block-separator has-text-color has-black-color has-alpha-channel-opacity has-black-background-color has-background\"\/>\n\n\n\n<div class=\"wp-block-cover\"><span aria-hidden=\"true\" class=\"wp-block-cover__background has-background-dim\"><\/span><img loading=\"lazy\" decoding=\"async\" width=\"1024\" height=\"682\" class=\"wp-block-cover__image-background wp-image-1824\" alt=\"\" src=\"http:\/\/jsuisvert.com\/wp-content\/uploads\/2022\/06\/jsuis-vert-6-10-1024x682.jpg\" data-object-fit=\"cover\" srcset=\"https:\/\/jsuisvert.com\/wp-content\/uploads\/2022\/06\/jsuis-vert-6-10-1024x682.jpg 1024w, https:\/\/jsuisvert.com\/wp-content\/uploads\/2022\/06\/jsuis-vert-6-10-300x200.jpg 300w, https:\/\/jsuisvert.com\/wp-content\/uploads\/2022\/06\/jsuis-vert-6-10-768x511.jpg 768w\" sizes=\"auto, (max-width: 1024px) 100vw, 1024px\" \/><div class=\"wp-block-cover__inner-container is-layout-flow wp-block-cover-is-layout-flow\">\n<p class=\"has-text-align-center has-large-font-size\">Yelle<\/p>\n<\/div><\/div>\n\n\n\n<hr class=\"wp-block-separator has-text-color has-black-color has-alpha-channel-opacity has-black-background-color has-background\"\/>\n\n\n\n<div class=\"wp-block-columns is-layout-flex wp-container-core-columns-is-layout-5 wp-block-columns-is-layout-flex\">\n<div class=\"wp-block-column is-layout-flow wp-block-column-is-layout-flow\" style=\"flex-basis:100%\">\n<p class=\"has-white-color has-black-background-color has-text-color has-background has-link-color wp-elements-27462ed479f838691509127cba15e571\" style=\"font-size:20px\"><strong>Musicalement v\u00f4tre,<\/strong><\/p>\n<\/div>\n<\/div>\n\n\n\n<div class=\"wp-block-columns is-layout-flex wp-container-core-columns-is-layout-6 wp-block-columns-is-layout-flex\">\n<div class=\"wp-block-column is-layout-flow wp-block-column-is-layout-flow\" style=\"flex-basis:100%\">\n<p class=\"has-white-color has-black-background-color has-text-color has-background has-link-color wp-elements-f6fcbffc3712c56f248e04cc00dfa6dd\" style=\"font-size:20px\"><strong>R\u00e9gis<\/strong><\/p>\n<\/div>\n<\/div>\n","protected":false},"excerpt":{"rendered":"<p>Et c&rsquo;est quoi la ligne musicale ? C&rsquo;est un m\u00e9lange de d\u00e9couvertes (Corine, Adam NAAS, Praa, Superets) et de groupes &hellip; <a href=\"https:\/\/jsuisvert.com\/?page_id=1480\" class=\"more-link\">Continue reading <span class=\"screen-reader-text\">A PROPOS DE J&rsquo;SUIS VERT<\/span><\/a><\/p>\n","protected":false},"author":2,"featured_media":0,"parent":0,"menu_order":0,"comment_status":"closed","ping_status":"closed","template":"","meta":{"footnotes":""},"class_list":["post-1480","page","type-page","status-publish","hentry"],"_links":{"self":[{"href":"https:\/\/jsuisvert.com\/index.php?rest_route=\/wp\/v2\/pages\/1480","targetHints":{"allow":["GET"]}}],"collection":[{"href":"https:\/\/jsuisvert.com\/index.php?rest_route=\/wp\/v2\/pages"}],"about":[{"href":"https:\/\/jsuisvert.com\/index.php?rest_route=\/wp\/v2\/types\/page"}],"author":[{"embeddable":true,"href":"https:\/\/jsuisvert.com\/index.php?rest_route=\/wp\/v2\/users\/2"}],"replies":[{"embeddable":true,"href":"https:\/\/jsuisvert.com\/index.php?rest_route=%2Fwp%2Fv2%2Fcomments&post=1480"}],"version-history":[{"count":37,"href":"https:\/\/jsuisvert.com\/index.php?rest_route=\/wp\/v2\/pages\/1480\/revisions"}],"predecessor-version":[{"id":2220,"href":"https:\/\/jsuisvert.com\/index.php?rest_route=\/wp\/v2\/pages\/1480\/revisions\/2220"}],"wp:attachment":[{"href":"https:\/\/jsuisvert.com\/index.php?rest_route=%2Fwp%2Fv2%2Fmedia&parent=1480"}],"curies":[{"name":"wp","href":"https:\/\/api.w.org\/{rel}","templated":true}]}}