{"id":1178,"date":"2019-03-05T20:43:45","date_gmt":"2019-03-05T18:43:45","guid":{"rendered":"http:\/\/jsuisvert.com\/?page_id=1178"},"modified":"2024-05-17T16:51:36","modified_gmt":"2024-05-17T14:51:36","slug":"jsuis-vert-5-2018","status":"publish","type":"page","link":"https:\/\/jsuisvert.com\/?page_id=1178","title":{"rendered":"j\u2019suis vert #5 (2018)"},"content":{"rendered":"\n<figure class=\"wp-block-embed is-type-rich is-provider-facebook wp-block-embed-facebook\"><div class=\"wp-block-embed__wrapper\">\nhttps:\/\/www.facebook.com\/1639757076111392\/posts\/1676818592405240?sfns=mo\n<\/div><\/figure>\n\n\n<p class=\"hide-if-no-js\" style=\"text-align: center;\"><a href=\"http:\/\/jsuisvert.com\/?page_id=377\"><img loading=\"lazy\" decoding=\"async\" class=\"wp-image-739 aligncenter\" src=\"http:\/\/jsuisvert.com\/wp-content\/uploads\/2018\/04\/logo-Jsuisvert-2-298x300.png\" alt=\"\" width=\"549\" height=\"553\" srcset=\"https:\/\/jsuisvert.com\/wp-content\/uploads\/2018\/04\/logo-Jsuisvert-2-298x300.png 298w, https:\/\/jsuisvert.com\/wp-content\/uploads\/2018\/04\/logo-Jsuisvert-2-150x150.png 150w, https:\/\/jsuisvert.com\/wp-content\/uploads\/2018\/04\/logo-Jsuisvert-2-768x774.png 768w, https:\/\/jsuisvert.com\/wp-content\/uploads\/2018\/04\/logo-Jsuisvert-2.png 788w\" sizes=\"auto, (max-width: 549px) 100vw, 549px\" \/><strong><em>J\u2019suis vert, c\u2019est le festival electro-rock avec des bulles vertes dans le dedans\u2026<\/em><\/strong><\/a><\/p>\n<h1 style=\"text-align: center;\">J&rsquo;Suis Vert #5 c&rsquo;\u00e9tait le 18 Mai 2018 !<\/h1>\n<p style=\"text-align: center;\">La 5\u00e8me \u00e9dition du festival J&rsquo;SuisVert s&rsquo;est d\u00e9roul\u00e9 Vendredi\u00a018\u00a0Mai\u00a02018 au soir \u00e0 l&rsquo;UBU de Rennes, 1 rue Saint H\u00e9lier<\/p>\n<p>Au programme de J\u2019SuisVert\u00a0! #5, ap\u00e9ro-d\u00eenatoire et de la bonne musique electro-rock avec plusieurs groupes et DJ de la sc\u00e8ne de l\u2019Ouest!<\/p>\n<\/p>\n<h2 style=\"text-align: right;\">MENTHINE (DJ)<\/h2>\n<p style=\"text-align: center;\"><a href=\"https:\/\/www.mixcloud.com\/menthine\/\" target=\"_blank\" rel=\"noopener noreferrer\"><img loading=\"lazy\" decoding=\"async\" class=\" wp-image-770 alignright\" src=\"http:\/\/jsuisvert.com\/wp-content\/uploads\/2018\/05\/Menthine-300x134.jpg\" alt=\"\" width=\"454\" height=\"203\" srcset=\"https:\/\/jsuisvert.com\/wp-content\/uploads\/2018\/05\/Menthine-300x134.jpg 300w, https:\/\/jsuisvert.com\/wp-content\/uploads\/2018\/05\/Menthine.jpg 337w\" sizes=\"auto, (max-width: 454px) 100vw, 454px\" \/><\/a>Grande habitu\u00e9e de la sc\u00e8ne Menthine fait partie de l&rsquo;association \u00ab\u00a0<strong>ElectroPitch<\/strong>\u00a0\u00bb .<\/p>\n<p style=\"text-align: center;\">\u00ab\u00a0Il y a de plus en plus d\u2019associations qui organisent des soir\u00e9<span class=\"skimlinks-unlinked\">es.Il<\/span> y a beaucoup\u00a0 de gens motiv\u00e9s, et les soir\u00e9es propos\u00e9es sont de qualit\u00e9\u00a0! Il y a beaucoup de jeunes artistes talentueux qui se font conna\u00eetre\u00a0\u00bb explique t-elle \u00e0 Paper Night<\/p>\n<p style=\"text-align: right;\"><span style=\"color: #00ccff;\">Cliquez sur le vinyle de Menthine pour d\u00e9couvrir sa playliste<\/span><\/p>\n<p style=\"text-align: right;\"><a href=\"https:\/\/papernightevent.wordpress.com\/2015\/02\/03\/rencontre-avec-menthine\/\" target=\"_blank\" rel=\"noopener noreferrer\">Source<\/a><\/p>\n<h2>LATE AGAIN<\/h2>\n<p style=\"text-align: left;\"><a href=\"https:\/\/soundcloud.com\/lateagainreturns\/sets\/late-again-ep1\" target=\"_blank\" rel=\"noopener noreferrer\"><img loading=\"lazy\" decoding=\"async\" class=\"size-medium wp-image-743 alignleft\" src=\"http:\/\/jsuisvert.com\/wp-content\/uploads\/2018\/04\/Late-again-300x300.png\" alt=\"\" width=\"300\" height=\"300\" srcset=\"https:\/\/jsuisvert.com\/wp-content\/uploads\/2018\/04\/Late-again-300x300.png 300w, https:\/\/jsuisvert.com\/wp-content\/uploads\/2018\/04\/Late-again-150x150.png 150w, https:\/\/jsuisvert.com\/wp-content\/uploads\/2018\/04\/Late-again-230x230.png 230w, https:\/\/jsuisvert.com\/wp-content\/uploads\/2018\/04\/Late-again.png 500w\" sizes=\"auto, (max-width: 300px) 100vw, 300px\" \/><\/a><\/p>\n<\/p>\n<p style=\"text-align: center;\">\u00ab\u00a0The way back home\u00a0\u00bb\u00a0 &#8211; Le retour du groupe Rennais qui se reforme pour l&rsquo;occasion!!!<\/p>\n<p style=\"text-align: center;\">Leur 1er EP a \u00e9t\u00e9 publi\u00e9 il y a tout juste deux mois sur le cloud &#8211; Vous pouvez l&rsquo;\u00e9couter en cliquant sur la couverture<\/p>\n<\/p>\n<p><span style=\"color: #ff9900;\">Couverture de \u00ab\u00a0dead on the floor\u00a0\u00bb from Late Again sur soundcloud<\/span><\/p>\n<h2>\u00a0<\/h2>\n<h2 style=\"text-align: right;\">CORINE<\/h2>\n<p><a href=\"https:\/\/www.youtube.com\/watch?v=jytiYHBUuPs\" target=\"_blank\" rel=\"noopener noreferrer\"><img loading=\"lazy\" decoding=\"async\" class=\" wp-image-744 alignright\" src=\"http:\/\/jsuisvert.com\/wp-content\/uploads\/2018\/04\/corine_1-300x163.jpg\" alt=\"\" width=\"404\" height=\"219\" srcset=\"https:\/\/jsuisvert.com\/wp-content\/uploads\/2018\/04\/corine_1-300x163.jpg 300w, https:\/\/jsuisvert.com\/wp-content\/uploads\/2018\/04\/corine_1-768x418.jpg 768w, https:\/\/jsuisvert.com\/wp-content\/uploads\/2018\/04\/corine_1-1024x557.jpg 1024w, https:\/\/jsuisvert.com\/wp-content\/uploads\/2018\/04\/corine_1.jpg 1125w\" sizes=\"auto, (max-width: 404px) 100vw, 404px\" \/><\/a><strong>Pluie Fine<\/strong><br \/>\u00ab\u00a0<em>\u00d4de \u00e0 Pierrot, mon idylle imaginaire, personnage r\u00e9current des films de Godard, avec notamment Num\u00e9ro deux qui a inspir\u00e9 l&rsquo;\u00e9criture de cette chanson.<\/em><br \/><em> Le quotidien, l\u2019ordinaire, quoi de plus fascinant&#8230;\u00a0\u00bb\u00a0<\/em>explique Corine dans une interview avec les Inrockuptibles lors de la sortie de son 1er EP.<\/p>\n<p style=\"text-align: right;\"><span style=\"color: #00ccff;\">\u00a0\u00a0\u00a0 Retrouvez Pluie Fine en cliquant sur les fleurs que tient Corine !<br \/><\/span><\/p>\n<p style=\"text-align: right;\"><a href=\"https:\/\/www.lesinrocks.com\/2016\/12\/01\/musique\/fille-de-region-corine-devoile-premier-ep-exclu-11883853\/\">Source<\/a><\/p>\n<h2>JORIS DELACROIX<\/h2>\n<p><a href=\"https:\/\/www.youtube.com\/watch?v=N8fKnBwnRq8\" target=\"_blank\" rel=\"noopener noreferrer\"><img loading=\"lazy\" decoding=\"async\" class=\" wp-image-749 alignleft\" src=\"http:\/\/jsuisvert.com\/wp-content\/uploads\/2018\/04\/Joris-delacroix-1-300x300.jpg\" alt=\"\" width=\"322\" height=\"322\" srcset=\"https:\/\/jsuisvert.com\/wp-content\/uploads\/2018\/04\/Joris-delacroix-1-300x300.jpg 300w, https:\/\/jsuisvert.com\/wp-content\/uploads\/2018\/04\/Joris-delacroix-1-150x150.jpg 150w, https:\/\/jsuisvert.com\/wp-content\/uploads\/2018\/04\/Joris-delacroix-1-230x230.jpg 230w, https:\/\/jsuisvert.com\/wp-content\/uploads\/2018\/04\/Joris-delacroix-1.jpg 500w\" sizes=\"auto, (max-width: 322px) 100vw, 322px\" \/><\/a><\/p>\n<\/p>\n<p style=\"text-align: center;\">\u00ab\u00a0Hocher la t\u00eate sans jamais le quitter des yeux\u00a0\u00bb<\/p>\n<p style=\"text-align: center;\">\u00ab\u00a0Le titre \u00ab\u00a0Leaving Space\u00a0\u00bb marque le retour d&rsquo;un Joris Delacroix pr\u00eat \u00e0 tout raser sur son passage avec un son Electronica minimaliste de festival [&#8230;] Ce morceau est tir\u00e9 d&rsquo;un opus qu&rsquo;il est encore entrain de produire et qui devrait sortir en fin d&rsquo;ann\u00e9e. \u00ab\u00a0<em>J&rsquo;ai voulu exp\u00e9rimenter plusieurs styles. Il y aura, comme ce track, de l&rsquo;Eletronica mais aussi des choses plus chill, plus ambiant.<\/em>\u00a0\u00bb pr\u00e9cise Joris.\u00a0\u00bb<\/p>\n<\/p>\n<p style=\"text-align: left;\"><span style=\"color: #a86a13;\">Cliquez sur l&rsquo;ombre de Joris Delacroix pour \u00e9couter \u00ab\u00a0Leaving space\u00a0\u00bb<\/span><\/p>\n<p><a href=\"http:\/\/www.villaschweppes.com\/article\/-leaving-space-le-retour-en-trombe-de-joris-delacroix_a23853\/1\">Source<\/a><\/p>\n<h2>\u00a0<\/h2>\n<h2 style=\"text-align: right;\">AUTOMAT (DJ)<\/h2>\n<h2 style=\"text-align: right;\"><a href=\"https:\/\/soundcloud.com\/automat-1\/feelso\"><img loading=\"lazy\" decoding=\"async\" class=\"size-medium wp-image-776 alignright\" src=\"http:\/\/jsuisvert.com\/wp-content\/uploads\/2018\/05\/AUTOMAT-300x300.png\" alt=\"\" width=\"300\" height=\"300\" srcset=\"https:\/\/jsuisvert.com\/wp-content\/uploads\/2018\/05\/AUTOMAT-300x300.png 300w, https:\/\/jsuisvert.com\/wp-content\/uploads\/2018\/05\/AUTOMAT-150x150.png 150w, https:\/\/jsuisvert.com\/wp-content\/uploads\/2018\/05\/AUTOMAT-230x230.png 230w, https:\/\/jsuisvert.com\/wp-content\/uploads\/2018\/05\/AUTOMAT.png 501w\" sizes=\"auto, (max-width: 300px) 100vw, 300px\" \/><\/a><\/h2>\n<\/p>\n<p style=\"text-align: center;\">\u00ab\u00a0Automat commence \u00e0 mixer en 1995, d\u00e9butant techno et rave, [&#8230;]On l\u2019a vu aux manettes des plus grands festivals \u00e9lectroniques, comme Astropolis ou Les Nuits Sonores, des meilleurs clubs, comme le Batofar, le Rex club mais aussi \u00e0 Glasgow ou en Belgique. [&#8230;] Apr\u00e8s une \u00e9clipse de quelques ann\u00e9es en forme de long voyage, il est de retour sur le continent.\u00a0\u00bb<\/p>\n<\/p>\n<p style=\"text-align: right;\"><span style=\"color: #00ccff;\">Cliquez sur le \u00ab\u00a0Yamaha CP-30\u00a0\u00bb pour l&rsquo;\u00e9couter<br \/><\/span><\/p>\n<p style=\"text-align: right;\"><a href=\"https:\/\/openagenda.com\/citizenkid\/events\/automat_55?lang=en\">Source<\/a><\/p>","protected":false},"excerpt":{"rendered":"<p>J\u2019suis vert, c\u2019est le festival electro-rock avec des bulles vertes dans le dedans\u2026 J&rsquo;Suis Vert #5 c&rsquo;\u00e9tait le 18 Mai &hellip; <a href=\"https:\/\/jsuisvert.com\/?page_id=1178\" class=\"more-link\">Continue reading <span class=\"screen-reader-text\">j\u2019suis vert #5 (2018)<\/span><\/a><\/p>\n","protected":false},"author":2,"featured_media":0,"parent":0,"menu_order":0,"comment_status":"closed","ping_status":"closed","template":"","meta":{"footnotes":""},"class_list":["post-1178","page","type-page","status-publish","hentry"],"_links":{"self":[{"href":"https:\/\/jsuisvert.com\/index.php?rest_route=\/wp\/v2\/pages\/1178","targetHints":{"allow":["GET"]}}],"collection":[{"href":"https:\/\/jsuisvert.com\/index.php?rest_route=\/wp\/v2\/pages"}],"about":[{"href":"https:\/\/jsuisvert.com\/index.php?rest_route=\/wp\/v2\/types\/page"}],"author":[{"embeddable":true,"href":"https:\/\/jsuisvert.com\/index.php?rest_route=\/wp\/v2\/users\/2"}],"replies":[{"embeddable":true,"href":"https:\/\/jsuisvert.com\/index.php?rest_route=%2Fwp%2Fv2%2Fcomments&post=1178"}],"version-history":[{"count":7,"href":"https:\/\/jsuisvert.com\/index.php?rest_route=\/wp\/v2\/pages\/1178\/revisions"}],"predecessor-version":[{"id":2370,"href":"https:\/\/jsuisvert.com\/index.php?rest_route=\/wp\/v2\/pages\/1178\/revisions\/2370"}],"wp:attachment":[{"href":"https:\/\/jsuisvert.com\/index.php?rest_route=%2Fwp%2Fv2%2Fmedia&parent=1178"}],"curies":[{"name":"wp","href":"https:\/\/api.w.org\/{rel}","templated":true}]}}